{"id":1813,"date":"2021-11-04T07:57:47","date_gmt":"2021-11-04T07:57:47","guid":{"rendered":"https:\/\/2021.smartravel.pt\/portfolio\/luis-costa-branco-jornalista\/"},"modified":"2021-11-04T07:58:41","modified_gmt":"2021-11-04T07:58:41","slug":"luis-costa-branco-jornalista","status":"publish","type":"jetpack-portfolio","link":"https:\/\/2021.smartravel.pt\/pt-pt\/portfolio\/luis-costa-branco-jornalista\/","title":{"rendered":"Lu\u00eds Costa Branco &#8211; Jornalista"},"content":{"rendered":"<p>Nascido em Lisboa em 1972, \u00e9 jornalista desde meados dos anos 90. Passou pelas reda\u00e7\u00f5es da revista Turbo e da r\u00e1dio TSF antes de chegar \u00e0 televis\u00e3o. Participou no lan\u00e7amento do Canal de Not\u00edcias de Lisboa e foi um dos fundadores da SIC Not\u00edcias em 2001. Em 2009, regressou \u00e0 imprensa escrita para chefiar a delega\u00e7\u00e3o do jornal Sol em Luanda, onde iria estar at\u00e9 2013. Nesse ano, voltou a Lisboa para o desafio da Benfica Tv e, mais recentemente, come\u00e7ou a direcionar a aten\u00e7\u00e3o para o tema da mobilidade.<br \/>\n\u00c9 um utilizador frequente da bicicleta nas desloca\u00e7\u00f5es para o local de trabalho e est\u00e1 envolvido em v\u00e1rios projetos de inova\u00e7\u00e3o relacionados com a mobilidade e microlog\u00edstica.<\/p>\n","protected":false},"excerpt":{"rendered":"<p>Nascido em Lisboa em 1972, &eacute; jornalista desde meados dos anos 90. Passou pelas reda&ccedil;&otilde;es da revista Turbo e da<\/p>\n<p><a href=\"https:\/\/2021.smartravel.pt\/pt-pt\/portfolio\/luis-costa-branco-jornalista\/\" class=\"more-link\">Continue reading<span class=\"screen-reader-text\">Lu\u00eds Costa Branco &#8211; Jornalista<\/span><\/a><\/p>\n","protected":false},"author":1,"featured_media":1811,"comment_status":"open","ping_status":"closed","template":"","meta":{"_links_to":"","_links_to_target":""},"jetpack-portfolio-type":[2],"jetpack-portfolio-tag":[],"yoast_head":"<!-- This site is optimized with the Yoast SEO plugin v17.7.1 - https:\/\/yoast.com\/wordpress\/plugins\/seo\/ -->\n<title>Lu\u00eds Costa Branco - Jornalista - Smart Travel 2021<\/title>\n<meta name=\"robots\" content=\"index, follow, max-snippet:-1, max-image-preview:large, max-video-preview:-1\" \/>\n<link rel=\"canonical\" href=\"https:\/\/2021.smartravel.pt\/pt-pt\/portfolio\/luis-costa-branco-jornalista\/\" \/>\n<meta property=\"og:locale\" content=\"pt_PT\" \/>\n<meta property=\"og:type\" content=\"article\" \/>\n<meta property=\"og:title\" content=\"Lu\u00eds Costa Branco - Jornalista - Smart Travel 2021\" \/>\n<meta property=\"og:description\" content=\"Nascido em Lisboa em 1972, &eacute; jornalista desde meados dos anos 90. Passou pelas reda&ccedil;&otilde;es da revista Turbo e daContinue readingLu\u00eds Costa Branco &#8211; Jornalista\" \/>\n<meta property=\"og:url\" content=\"https:\/\/2021.smartravel.pt\/pt-pt\/portfolio\/luis-costa-branco-jornalista\/\" \/>\n<meta property=\"og:site_name\" content=\"Smart Travel 2021\" \/>\n<meta property=\"article:publisher\" content=\"https:\/\/www.facebook.com\/smartravelevent\/\" \/>\n<meta property=\"article:modified_time\" content=\"2021-11-04T07:58:41+00:00\" \/>\n<meta property=\"og:image\" content=\"https:\/\/2021.smartravel.pt\/wp-content\/uploads\/2021\/11\/Luis-Costa-Branco_ok.jpg\" \/>\n\t<meta property=\"og:image:width\" content=\"568\" \/>\n\t<meta property=\"og:image:height\" content=\"378\" \/>\n<meta name=\"twitter:card\" content=\"summary_large_image\" \/>\n<meta name=\"twitter:site\" content=\"@smartravel\" \/>\n<meta name=\"twitter:label1\" content=\"Tempo estimado de leitura\" \/>\n\t<meta name=\"twitter:data1\" content=\"1 minuto\" \/>\n<script type=\"application\/ld+json\" class=\"yoast-schema-graph\">{\"@context\":\"https:\/\/schema.org\",\"@graph\":[{\"@type\":\"WebSite\",\"@id\":\"https:\/\/2021.smartravel.pt\/#website\",\"url\":\"https:\/\/2021.smartravel.pt\/\",\"name\":\"Smart Travel 2021\",\"description\":\"Festival of Intelligence\",\"potentialAction\":[{\"@type\":\"SearchAction\",\"target\":{\"@type\":\"EntryPoint\",\"urlTemplate\":\"https:\/\/2021.smartravel.pt\/?s={search_term_string}\"},\"query-input\":\"required name=search_term_string\"}],\"inLanguage\":\"pt-PT\"},{\"@type\":\"ImageObject\",\"@id\":\"https:\/\/2021.smartravel.pt\/pt-pt\/portfolio\/luis-costa-branco-jornalista\/#primaryimage\",\"inLanguage\":\"pt-PT\",\"url\":\"https:\/\/2021.smartravel.pt\/wp-content\/uploads\/2021\/11\/Luis-Costa-Branco_ok.jpg\",\"contentUrl\":\"https:\/\/2021.smartravel.pt\/wp-content\/uploads\/2021\/11\/Luis-Costa-Branco_ok.jpg\",\"width\":568,\"height\":378},{\"@type\":\"WebPage\",\"@id\":\"https:\/\/2021.smartravel.pt\/pt-pt\/portfolio\/luis-costa-branco-jornalista\/#webpage\",\"url\":\"https:\/\/2021.smartravel.pt\/pt-pt\/portfolio\/luis-costa-branco-jornalista\/\",\"name\":\"Lu\\u00eds Costa Branco - Jornalista - Smart Travel 2021\",\"isPartOf\":{\"@id\":\"https:\/\/2021.smartravel.pt\/#website\"},\"primaryImageOfPage\":{\"@id\":\"https:\/\/2021.smartravel.pt\/pt-pt\/portfolio\/luis-costa-branco-jornalista\/#primaryimage\"},\"datePublished\":\"2021-11-04T07:57:47+00:00\",\"dateModified\":\"2021-11-04T07:58:41+00:00\",\"breadcrumb\":{\"@id\":\"https:\/\/2021.smartravel.pt\/pt-pt\/portfolio\/luis-costa-branco-jornalista\/#breadcrumb\"},\"inLanguage\":\"pt-PT\",\"potentialAction\":[{\"@type\":\"ReadAction\",\"target\":[\"https:\/\/2021.smartravel.pt\/pt-pt\/portfolio\/luis-costa-branco-jornalista\/\"]}]},{\"@type\":\"BreadcrumbList\",\"@id\":\"https:\/\/2021.smartravel.pt\/pt-pt\/portfolio\/luis-costa-branco-jornalista\/#breadcrumb\",\"itemListElement\":[{\"@type\":\"ListItem\",\"position\":1,\"name\":\"In\\u00edcio\",\"item\":\"https:\/\/2021.smartravel.pt\/pt-pt\/\"},{\"@type\":\"ListItem\",\"position\":2,\"name\":\"Projects\",\"item\":\"https:\/\/2021.smartravel.pt\/pt-pt\/portfolio\/\"},{\"@type\":\"ListItem\",\"position\":3,\"name\":\"Lu\\u00eds Costa Branco &#8211; Jornalista\"}]}]}<\/script>\n<!-- \/ Yoast SEO plugin. -->","yoast_head_json":{"title":"Lu\u00eds Costa Branco - Jornalista - Smart Travel 2021","robots":{"index":"index","follow":"follow","max-snippet":"max-snippet:-1","max-image-preview":"max-image-preview:large","max-video-preview":"max-video-preview:-1"},"canonical":"https:\/\/2021.smartravel.pt\/pt-pt\/portfolio\/luis-costa-branco-jornalista\/","og_locale":"pt_PT","og_type":"article","og_title":"Lu\u00eds Costa Branco - Jornalista - Smart Travel 2021","og_description":"Nascido em Lisboa em 1972, &eacute; jornalista desde meados dos anos 90. Passou pelas reda&ccedil;&otilde;es da revista Turbo e daContinue readingLu\u00eds Costa Branco &#8211; Jornalista","og_url":"https:\/\/2021.smartravel.pt\/pt-pt\/portfolio\/luis-costa-branco-jornalista\/","og_site_name":"Smart Travel 2021","article_publisher":"https:\/\/www.facebook.com\/smartravelevent\/","article_modified_time":"2021-11-04T07:58:41+00:00","og_image":[{"width":568,"height":378,"url":"https:\/\/2021.smartravel.pt\/wp-content\/uploads\/2021\/11\/Luis-Costa-Branco_ok.jpg","type":"image\/jpeg"}],"twitter_card":"summary_large_image","twitter_site":"@smartravel","twitter_misc":{"Tempo estimado de leitura":"1 minuto"},"schema":{"@context":"https:\/\/schema.org","@graph":[{"@type":"WebSite","@id":"https:\/\/2021.smartravel.pt\/#website","url":"https:\/\/2021.smartravel.pt\/","name":"Smart Travel 2021","description":"Festival of Intelligence","potentialAction":[{"@type":"SearchAction","target":{"@type":"EntryPoint","urlTemplate":"https:\/\/2021.smartravel.pt\/?s={search_term_string}"},"query-input":"required name=search_term_string"}],"inLanguage":"pt-PT"},{"@type":"ImageObject","@id":"https:\/\/2021.smartravel.pt\/pt-pt\/portfolio\/luis-costa-branco-jornalista\/#primaryimage","inLanguage":"pt-PT","url":"https:\/\/2021.smartravel.pt\/wp-content\/uploads\/2021\/11\/Luis-Costa-Branco_ok.jpg","contentUrl":"https:\/\/2021.smartravel.pt\/wp-content\/uploads\/2021\/11\/Luis-Costa-Branco_ok.jpg","width":568,"height":378},{"@type":"WebPage","@id":"https:\/\/2021.smartravel.pt\/pt-pt\/portfolio\/luis-costa-branco-jornalista\/#webpage","url":"https:\/\/2021.smartravel.pt\/pt-pt\/portfolio\/luis-costa-branco-jornalista\/","name":"Lu\u00eds Costa Branco - Jornalista - Smart Travel 2021","isPartOf":{"@id":"https:\/\/2021.smartravel.pt\/#website"},"primaryImageOfPage":{"@id":"https:\/\/2021.smartravel.pt\/pt-pt\/portfolio\/luis-costa-branco-jornalista\/#primaryimage"},"datePublished":"2021-11-04T07:57:47+00:00","dateModified":"2021-11-04T07:58:41+00:00","breadcrumb":{"@id":"https:\/\/2021.smartravel.pt\/pt-pt\/portfolio\/luis-costa-branco-jornalista\/#breadcrumb"},"inLanguage":"pt-PT","potentialAction":[{"@type":"ReadAction","target":["https:\/\/2021.smartravel.pt\/pt-pt\/portfolio\/luis-costa-branco-jornalista\/"]}]},{"@type":"BreadcrumbList","@id":"https:\/\/2021.smartravel.pt\/pt-pt\/portfolio\/luis-costa-branco-jornalista\/#breadcrumb","itemListElement":[{"@type":"ListItem","position":1,"name":"In\u00edcio","item":"https:\/\/2021.smartravel.pt\/pt-pt\/"},{"@type":"ListItem","position":2,"name":"Projects","item":"https:\/\/2021.smartravel.pt\/pt-pt\/portfolio\/"},{"@type":"ListItem","position":3,"name":"Lu\u00eds Costa Branco &#8211; Jornalista"}]}]}},"_links":{"self":[{"href":"https:\/\/2021.smartravel.pt\/pt-pt\/wp-json\/wp\/v2\/jetpack-portfolio\/1813"}],"collection":[{"href":"https:\/\/2021.smartravel.pt\/pt-pt\/wp-json\/wp\/v2\/jetpack-portfolio"}],"about":[{"href":"https:\/\/2021.smartravel.pt\/pt-pt\/wp-json\/wp\/v2\/types\/jetpack-portfolio"}],"author":[{"embeddable":true,"href":"https:\/\/2021.smartravel.pt\/pt-pt\/wp-json\/wp\/v2\/users\/1"}],"replies":[{"embeddable":true,"href":"https:\/\/2021.smartravel.pt\/pt-pt\/wp-json\/wp\/v2\/comments?post=1813"}],"wp:featuredmedia":[{"embeddable":true,"href":"https:\/\/2021.smartravel.pt\/pt-pt\/wp-json\/wp\/v2\/media\/1811"}],"wp:attachment":[{"href":"https:\/\/2021.smartravel.pt\/pt-pt\/wp-json\/wp\/v2\/media?parent=1813"}],"wp:term":[{"taxonomy":"jetpack-portfolio-type","embeddable":true,"href":"https:\/\/2021.smartravel.pt\/pt-pt\/wp-json\/wp\/v2\/jetpack-portfolio-type?post=1813"},{"taxonomy":"jetpack-portfolio-tag","embeddable":true,"href":"https:\/\/2021.smartravel.pt\/pt-pt\/wp-json\/wp\/v2\/jetpack-portfolio-tag?post=1813"}],"curies":[{"name":"wp","href":"https:\/\/api.w.org\/{rel}","templated":true}]}}